{"id":7,"date":"2015-07-24T19:12:44","date_gmt":"2015-07-24T18:12:44","guid":{"rendered":"http:\/\/chambresencorse.com\/?page_id=7"},"modified":"2026-01-11T14:04:50","modified_gmt":"2026-01-11T13:04:50","slug":"accueil","status":"publish","type":"page","link":"https:\/\/chambresencorse.com\/en\/","title":{"rendered":"Accueil"},"content":{"rendered":"<iframe src=\"https:\/\/www.youtube.com\/embed\/gPfGOHRk0l8\" width=\"560\" height=\"315\" frameborder=\"0\" allowfullscreen=\"allowfullscreen\" data-mce-fragment=\"1\"><\/iframe><br \/>\nAll year long we propose you to visit our bedrooms in an handsome ancient house in Corsica in the village of Vallecalle (25km south from Bastia and 15km from St Florent).<\/p>\n<div class=\"tiled-gallery type-rectangular tiled-gallery-unresized\" data-original-width=\"840\" data-carousel-extra='null' itemscope itemtype=\"http:\/\/schema.org\/ImageGallery\" > <div class=\"gallery-row\" style=\"width: 840px; height: 316px;\" data-original-width=\"840\" data-original-height=\"316\" > <div class=\"gallery-group images-1\" style=\"width: 420px; height: 316px;\" data-original-width=\"420\" data-original-height=\"316\" > <div class=\"tiled-gallery-item tiled-gallery-item-large\" itemprop=\"associatedMedia\" itemscope itemtype=\"http:\/\/schema.org\/ImageObject\"> <a href=\"https:\/\/chambresencorse.com\/en\/accueil\/10%20maison%20vue%20den%20haut\/\" border=\"0\" itemprop=\"url\"> <meta itemprop=\"width\" content=\"416\"> <meta itemprop=\"height\" content=\"312\"> <img data-attachment-id=\"11\" data-orig-file=\"https:\/\/chambresencorse.com\/wp-content\/uploads\/2015\/07\/10-maison-vue-den-haut.jpg\" data-orig-size=\"600,450\" data-comments-opened=\"1\" data-image-meta=\"{&quot;aperture&quot;:&quot;4&quot;,&quot;credit&quot;:&quot;&quot;,&quot;camera&quot;:&quot;KODAK EasyShare Z981 Digital Camera&quot;,&quot;caption&quot;:&quot;&quot;,&quot;created_timestamp&quot;:&quot;1302602880&quot;,&quot;copyright&quot;:&quot;&quot;,&quot;focal_length&quot;:&quot;4.6&quot;,&quot;iso&quot;:&quot;64&quot;,&quot;shutter_speed&quot;:&quot;0.0025&quot;,&quot;title&quot;:&quot;&quot;,&quot;orientation&quot;:&quot;1&quot;,&quot;resized_images&quot;:&quot;Array&quot;}\" data-image-title=\"la maison\" data-image-description=\"\" data-medium-file=\"https:\/\/i2.wp.com\/chambresencorse.com\/wp-content\/uploads\/2015\/07\/10-maison-vue-den-haut.jpg?fit=300%2C225&#038;ssl=1\" data-large-file=\"https:\/\/i2.wp.com\/chambresencorse.com\/wp-content\/uploads\/2015\/07\/10-maison-vue-den-haut.jpg?fit=600%2C450&#038;ssl=1\" src=\"https:\/\/i2.wp.com\/chambresencorse.com\/wp-content\/uploads\/2015\/07\/10-maison-vue-den-haut.jpg?w=416&#038;h=312&#038;ssl=1\" width=\"416\" height=\"312\" data-original-width=\"416\" data-original-height=\"312\" itemprop=\"http:\/\/schema.org\/image\" title=\"la maison\" alt=\"Vue a\u00e9rienne de la maison\" style=\"width: 416px; height: 312px;\" \/> <\/a> <div class=\"tiled-gallery-caption\" itemprop=\"caption description\"> Vue a\u00e9rienne de la maison <\/div> <\/div> <\/div> <!-- close group --> <div class=\"gallery-group images-1\" style=\"width: 420px; height: 316px;\" data-original-width=\"420\" data-original-height=\"316\" > <div class=\"tiled-gallery-item tiled-gallery-item-large\" itemprop=\"associatedMedia\" itemscope itemtype=\"http:\/\/schema.org\/ImageObject\"> <a href=\"https:\/\/chambresencorse.com\/en\/accueil\/vallecalle2\/\" border=\"0\" itemprop=\"url\"> <meta itemprop=\"width\" content=\"416\"> <meta itemprop=\"height\" content=\"312\"> <img data-attachment-id=\"12\" data-orig-file=\"https:\/\/chambresencorse.com\/wp-content\/uploads\/2015\/07\/vallecalle2.jpg\" data-orig-size=\"600,450\" data-comments-opened=\"1\" data-image-meta=\"{&quot;aperture&quot;:&quot;5&quot;,&quot;credit&quot;:&quot;&quot;,&quot;camera&quot;:&quot;DMC-TZ7&quot;,&quot;caption&quot;:&quot;&quot;,&quot;created_timestamp&quot;:&quot;1313842502&quot;,&quot;copyright&quot;:&quot;&quot;,&quot;focal_length&quot;:&quot;4.4&quot;,&quot;iso&quot;:&quot;80&quot;,&quot;shutter_speed&quot;:&quot;0.0025&quot;,&quot;title&quot;:&quot;&quot;,&quot;orientation&quot;:&quot;0&quot;,&quot;resized_images&quot;:&quot;Array&quot;}\" data-image-title=\"le village devallecalle\" data-image-description=\"\" data-medium-file=\"https:\/\/i0.wp.com\/chambresencorse.com\/wp-content\/uploads\/2015\/07\/vallecalle2.jpg?fit=300%2C225&#038;ssl=1\" data-large-file=\"https:\/\/i0.wp.com\/chambresencorse.com\/wp-content\/uploads\/2015\/07\/vallecalle2.jpg?fit=600%2C450&#038;ssl=1\" src=\"https:\/\/i0.wp.com\/chambresencorse.com\/wp-content\/uploads\/2015\/07\/vallecalle2.jpg?w=416&#038;h=312&#038;ssl=1\" width=\"416\" height=\"312\" data-original-width=\"416\" data-original-height=\"312\" itemprop=\"http:\/\/schema.org\/image\" title=\"le village devallecalle\" alt=\"le village de Vallecalle avec la vue sur le golfe de St Florent\" style=\"width: 416px; height: 312px;\" \/> <\/a> <div class=\"tiled-gallery-caption\" itemprop=\"caption description\"> le village de Vallecalle avec la vue sur le golfe de St Florent <\/div> <\/div> <\/div> <!-- close group --> <\/div> <!-- close row --> <\/div>\n<p>This XVIIIth century house is on three levels, one bedroom is on the second floor with independent access, and two bedrooms are on the third floor with an access to the balcony, a dinner room is specially for our guests. Outside you will found two terraces facing south, garden furniture and deckchairs, you can also settle in the shade of the vast garden with a panoramic view on to the sea, the Nebbiu valley from the hills of Tenda to the Cap Corse, St Florent and the Patrimonio vineyard<\/p>\n<p>No pets allowed.<\/p>\n<p>Select by:<\/p>\n\n\t\t<style type=\"text\/css\">\n\t\t\t#gallery-4 {\n\t\t\t\tmargin: auto;\n\t\t\t}\n\t\t\t#gallery-4 .gallery-item {\n\t\t\t\tfloat: left;\n\t\t\t\tmargin-top: 10px;\n\t\t\t\ttext-align: center;\n\t\t\t\twidth: 16%;\n\t\t\t}\n\t\t\t#gallery-4 img {\n\t\t\t\tborder: 2px solid #cfcfcf;\n\t\t\t}\n\t\t\t#gallery-4 .gallery-caption {\n\t\t\t\tmargin-left: 0;\n\t\t\t}\n\t\t\t\/* see gallery_shortcode() in wp-includes\/media.php *\/\n\t\t<\/style>\n\t\t<div id='gallery-4' class='gallery galleryid-7 gallery-columns-6 gallery-size-medium'><dl class='gallery-item'>\n\t\t\t<dt class='gallery-icon portrait'>\n\t\t\t\t<a href='https:\/\/chambresencorse.com\/en\/accueil\/sawdays-2016\/'><img width=\"179\" height=\"300\" src=\"https:\/\/i2.wp.com\/chambresencorse.com\/wp-content\/uploads\/2015\/07\/sawdays-2016-e1476698668805.jpg?fit=179%2C300&amp;ssl=1\" class=\"attachment-medium size-medium\" alt=\"\" loading=\"lazy\" aria-describedby=\"gallery-4-260\" \/><\/a>\n\t\t\t<\/dt>\n\t\t\t\t<dd class='wp-caption-text gallery-caption' id='gallery-4-260'>\n\t\t\t\tle guide Sawday&#8217;s\n\t\t\t\t<\/dd><\/dl><dl class='gallery-item'>\n\t\t\t<dt class='gallery-icon portrait'>\n\t\t\t\t<a href='https:\/\/chambresencorse.com\/en\/martin-velbinger\/'><img width=\"195\" height=\"300\" src=\"https:\/\/i2.wp.com\/chambresencorse.com\/wp-content\/uploads\/2016\/12\/Martin-velbinger-e1480590061206.jpg?fit=195%2C300&amp;ssl=1\" class=\"attachment-medium size-medium\" alt=\"\" loading=\"lazy\" aria-describedby=\"gallery-4-285\" \/><\/a>\n\t\t\t<\/dt>\n\t\t\t\t<dd class='wp-caption-text gallery-caption' id='gallery-4-285'>\n\t\t\t\tle Guide Martin Velbinger\n\t\t\t\t<\/dd><\/dl><dl class='gallery-item'>\n\t\t\t<dt class='gallery-icon portrait'>\n\t\t\t\t<a href='https:\/\/chambresencorse.com\/en\/corse-20\/'><img width=\"195\" height=\"300\" src=\"https:\/\/i0.wp.com\/chambresencorse.com\/wp-content\/uploads\/2023\/04\/Corse-20.jpg?fit=195%2C300&amp;ssl=1\" class=\"attachment-medium size-medium\" alt=\"\" loading=\"lazy\" aria-describedby=\"gallery-4-448\" srcset=\"https:\/\/i0.wp.com\/chambresencorse.com\/wp-content\/uploads\/2023\/04\/Corse-20.jpg?w=400&amp;ssl=1 400w, https:\/\/i0.wp.com\/chambresencorse.com\/wp-content\/uploads\/2023\/04\/Corse-20.jpg?resize=195%2C300&amp;ssl=1 195w\" sizes=\"(max-width: 195px) 100vw, 195px\" \/><\/a>\n\t\t\t<\/dt>\n\t\t\t\t<dd class='wp-caption-text gallery-caption' id='gallery-4-448'>\n\t\t\t\tle lonely planet\n\t\t\t\t<\/dd><\/dl><dl class='gallery-item'>\n\t\t\t<dt class='gallery-icon portrait'>\n\t\t\t\t<a href='https:\/\/chambresencorse.com\/en\/guide-du-routard-corse-2023-24\/'><img width=\"180\" height=\"300\" src=\"https:\/\/i0.wp.com\/chambresencorse.com\/wp-content\/uploads\/2023\/04\/Guide-du-Routard-Corse-2023-24.jpg?fit=180%2C300&amp;ssl=1\" class=\"attachment-medium size-medium\" alt=\"\" loading=\"lazy\" aria-describedby=\"gallery-4-450\" srcset=\"https:\/\/i0.wp.com\/chambresencorse.com\/wp-content\/uploads\/2023\/04\/Guide-du-Routard-Corse-2023-24.jpg?w=400&amp;ssl=1 400w, https:\/\/i0.wp.com\/chambresencorse.com\/wp-content\/uploads\/2023\/04\/Guide-du-Routard-Corse-2023-24.jpg?resize=180%2C300&amp;ssl=1 180w\" sizes=\"(max-width: 180px) 100vw, 180px\" \/><\/a>\n\t\t\t<\/dt>\n\t\t\t\t<dd class='wp-caption-text gallery-caption' id='gallery-4-450'>\n\t\t\t\tle guide du routard\n\t\t\t\t<\/dd><\/dl><dl class='gallery-item'>\n\t\t\t<dt class='gallery-icon portrait'>\n\t\t\t\t<a href='https:\/\/chambresencorse.com\/en\/guide-vert-corse\/'><img width=\"158\" height=\"300\" src=\"https:\/\/i1.wp.com\/chambresencorse.com\/wp-content\/uploads\/2023\/04\/Guide-Vert-Corse.jpg?fit=158%2C300&amp;ssl=1\" class=\"attachment-medium size-medium\" alt=\"\" loading=\"lazy\" aria-describedby=\"gallery-4-451\" srcset=\"https:\/\/i1.wp.com\/chambresencorse.com\/wp-content\/uploads\/2023\/04\/Guide-Vert-Corse.jpg?w=400&amp;ssl=1 400w, https:\/\/i1.wp.com\/chambresencorse.com\/wp-content\/uploads\/2023\/04\/Guide-Vert-Corse.jpg?resize=158%2C300&amp;ssl=1 158w\" sizes=\"(max-width: 158px) 100vw, 158px\" \/><\/a>\n\t\t\t<\/dt>\n\t\t\t\t<dd class='wp-caption-text gallery-caption' id='gallery-4-451'>\n\t\t\t\tle guide vert\n\t\t\t\t<\/dd><\/dl><dl class='gallery-item'>\n\t\t\t<dt class='gallery-icon portrait'>\n\t\t\t\t<a href='https:\/\/chambresencorse.com\/en\/accueil\/rivages-2016\/'><img width=\"170\" height=\"300\" src=\"https:\/\/i0.wp.com\/chambresencorse.com\/wp-content\/uploads\/2015\/07\/rivages-2016-e1476698650495.jpg?fit=170%2C300&amp;ssl=1\" class=\"attachment-medium size-medium\" alt=\"\" loading=\"lazy\" aria-describedby=\"gallery-4-259\" \/><\/a>\n\t\t\t<\/dt>\n\t\t\t\t<dd class='wp-caption-text gallery-caption' id='gallery-4-259'>\n\t\t\t\tle guide des maisons d&#8217;h\u00f4tes de charme\n\t\t\t\t<\/dd><\/dl><br style=\"clear: both\" \/>\n\t\t<\/div>\n\n<h5><strong><em>SAWDAY&#8217;S\u00a0\u00a0 French Bed &amp; Breakfast<\/em><\/strong>\u00a0 <a href=\"https:\/\/www.sawdays.co.uk\/\">www.sawdays.co.uk<\/a><\/h5>\n<p><script id=\"sawdays_badge\" type=\"text\/javascript\">\/\/ <![CDATA[\nvar sawdays_place=\"france\/corsica\/haute-corse\/chambres-d-hotes-a-vallecalle\", sawdays_place_name=\"Chambres d'H\u00f4tes \u00e0 Vallecalle\";n = document.createElement('script');n.src='https:\/\/www.sawdays.co.uk\/accreditation\/badge\/(source)\/'+window.location.host+'\/(style)\/colour\/(place_id)\/PL104136';document.getElementsByTagName(\"head\")[0].appendChild(n);<br \/>\n\/\/ ]]><\/script><noscript><a href=\"https:\/\/www.sawdays.co.uk\/france\/corsica\/haute-corse\/chambres-d-hotes-a-vallecalle\">Inspected and selected by Sawday&#8217;s<\/a><\/noscript><\/p>\n<h5><em><strong>Cybevasion:<\/strong><\/em><\/h5>\n<p><a href=\"https:\/\/www.cybevasion.fr\/chambres-hotes-chambres-d-hotes-cicendolle-vallecalle-e38343.html\">https:\/\/www.cybevasion.fr\/chambres-hotes-chambres-d-hotes-cicendolle-vallecalle-e38343.html<\/a><\/p>\n<p><a href=\"https:\/\/www.chambresdhotes.org\/\"><img loading=\"lazy\" class=\"alignnone\" src=\"https:\/\/i2.wp.com\/www.chambresdhotes.org\/banner.jpg?resize=468%2C60&#038;ssl=1\" alt=\"Chambres D'Hotes .org\" width=\"468\" height=\"60\" border=\"0\" data-recalc-dims=\"1\" \/><\/a><br \/>\n<a href=\"https:\/\/www.chambresdhotes.org\/Detailed\/11231.html\">Cicendolle -Maison d&#8217;H\u00f4tes de Vallecalle Vallecalle.<\/a> <a href=\"https:\/\/www.chambresdhotes.org\/Chambres_D_Hotes\/Haute_Corse_Chambres_D_Hotes\/\">Haute Corse Chambre D&#8217;Hotes<\/a>. <a href=\"https:\/\/www.chambresdhotes.org\/Gites\/Haute_Corse_Gites\/\">Gite Haute Corse<\/a><\/p>\n<h1>REJOINGNEZ NOUS SUR\u00a0 facebook\u00a0:<\/h1>\n<p><a href=\"https:\/\/www.facebook.com\/pages\/Chambres-en-Corse-Maison-dH%C3%B4tes-Cicendolle-%C3%A0-Vallecalle\/632645080097652?fref=ts\">Chambres en Corse &#8211; maison d&#8217;h\u00f4tes Cicendolle \u00e0 Vallecalle<\/a>","protected":false},"excerpt":{"rendered":"<p>All year long we propose you to visit our bedrooms in an handsome ancient house in Corsica in the village of Vallecalle (25km south from Bastia and 15km from St Florent). This XVIIIth century house is on three levels, one&hellip; <br \/><a class=\"read-more-button\" href=\"https:\/\/chambresencorse.com\/en\/\">Read more<\/a><\/p>\n","protected":false},"author":1,"featured_media":0,"parent":0,"menu_order":0,"comment_status":"closed","ping_status":"closed","template":"","meta":{"spay_email":""},"yoast_head":"<!-- This site is optimized with the Yoast SEO plugin v15.8 - https:\/\/yoast.com\/wordpress\/plugins\/seo\/ -->\n<title><\/title>\n<meta name=\"description\" content=\"chambres d&#039;h\u00f4tes en corse, nous proposons des h\u00e9bergements de vacances en haute-corse pr\u00e8s de St Florent et Bastia \u00e0 Vallecalle dans le Nebbio\" \/>\n<meta name=\"robots\" content=\"index, follow, max-snippet:-1, max-image-preview:large, max-video-preview:-1\" \/>\n<link rel=\"canonical\" href=\"https:\/\/chambresencorse.com\/\" \/>\n<meta property=\"og:locale\" content=\"en_US\" \/>\n<meta property=\"og:type\" content=\"article\" \/>\n<meta property=\"og:title\" content=\"[:fr]Accueil-chambres d\u2019h\u00f4tes en corse[:]\" \/>\n<meta property=\"og:description\" content=\"chambres d&#039;h\u00f4tes en corse, nous proposons des h\u00e9bergements de vacances en haute-corse pr\u00e8s de St Florent et Bastia \u00e0 Vallecalle dans le Nebbio\" \/>\n<meta property=\"og:url\" content=\"https:\/\/chambresencorse.com\/\" \/>\n<meta property=\"og:site_name\" content=\"Chambres d&#039;h\u00f4tes en Corse\" \/>\n<meta property=\"article:modified_time\" content=\"2026-01-11T13:04:50+00:00\" \/>\n<meta property=\"og:image\" content=\"https:\/\/i2.wp.com\/chambresencorse.com\/wp-content\/uploads\/2015\/07\/10-maison-vue-den-haut.jpg?w=416&#038;h=312&#038;ssl=1\" \/>\n<meta name=\"twitter:card\" content=\"summary\" \/>\n<meta name=\"twitter:label1\" content=\"Est. reading time\">\n\t<meta name=\"twitter:data1\" content=\"1 minute\">\n<script type=\"application\/ld+json\" class=\"yoast-schema-graph\">{\"@context\":\"https:\/\/schema.org\",\"@graph\":[{\"@type\":\"WebSite\",\"@id\":\"https:\/\/chambresencorse.com\/#website\",\"url\":\"https:\/\/chambresencorse.com\/\",\"name\":\"Chambres d&#039;h\\u00f4tes en Corse\",\"description\":\"Decouvrez Vallecalle\",\"potentialAction\":[{\"@type\":\"SearchAction\",\"target\":\"https:\/\/chambresencorse.com\/?s={search_term_string}\",\"query-input\":\"required name=search_term_string\"}],\"inLanguage\":\"en-US\"},{\"@type\":\"ImageObject\",\"@id\":\"https:\/\/chambresencorse.com\/#primaryimage\",\"inLanguage\":\"en-US\",\"url\":\"https:\/\/www.chambresdhotes.org\/banner.jpg\"},{\"@type\":\"WebPage\",\"@id\":\"https:\/\/chambresencorse.com\/#webpage\",\"url\":\"https:\/\/chambresencorse.com\/\",\"name\":\"[:fr]Accueil-chambres d\\u2019h\\u00f4tes en corse[:]\",\"isPartOf\":{\"@id\":\"https:\/\/chambresencorse.com\/#website\"},\"primaryImageOfPage\":{\"@id\":\"https:\/\/chambresencorse.com\/#primaryimage\"},\"datePublished\":\"2015-07-24T18:12:44+00:00\",\"dateModified\":\"2026-01-11T13:04:50+00:00\",\"description\":\"chambres d'h\\u00f4tes en corse, nous proposons des h\\u00e9bergements de vacances en haute-corse pr\\u00e8s de St Florent et Bastia \\u00e0 Vallecalle dans le Nebbio\",\"breadcrumb\":{\"@id\":\"https:\/\/chambresencorse.com\/#breadcrumb\"},\"inLanguage\":\"en-US\",\"potentialAction\":[{\"@type\":\"ReadAction\",\"target\":[\"https:\/\/chambresencorse.com\/\"]}]},{\"@type\":\"BreadcrumbList\",\"@id\":\"https:\/\/chambresencorse.com\/#breadcrumb\",\"itemListElement\":[{\"@type\":\"ListItem\",\"position\":1,\"item\":{\"@type\":\"WebPage\",\"@id\":\"https:\/\/chambresencorse.com\/\",\"url\":\"https:\/\/chambresencorse.com\/\",\"name\":\"Accueil\"}},{\"@type\":\"ListItem\",\"position\":2,\"item\":{\"@type\":\"WebPage\",\"@id\":\"https:\/\/chambresencorse.com\/\",\"url\":\"https:\/\/chambresencorse.com\/\",\"name\":\"Accueil\"}}]}]}<\/script>\n<!-- \/ Yoast SEO plugin. -->","jetpack_sharing_enabled":true,"jetpack_shortlink":"https:\/\/wp.me\/P6vFkN-7","_links":{"self":[{"href":"https:\/\/chambresencorse.com\/en\/wp-json\/wp\/v2\/pages\/7"}],"collection":[{"href":"https:\/\/chambresencorse.com\/en\/wp-json\/wp\/v2\/pages"}],"about":[{"href":"https:\/\/chambresencorse.com\/en\/wp-json\/wp\/v2\/types\/page"}],"author":[{"embeddable":true,"href":"https:\/\/chambresencorse.com\/en\/wp-json\/wp\/v2\/users\/1"}],"replies":[{"embeddable":true,"href":"https:\/\/chambresencorse.com\/en\/wp-json\/wp\/v2\/comments?post=7"}],"version-history":[{"count":4,"href":"https:\/\/chambresencorse.com\/en\/wp-json\/wp\/v2\/pages\/7\/revisions"}],"predecessor-version":[{"id":470,"href":"https:\/\/chambresencorse.com\/en\/wp-json\/wp\/v2\/pages\/7\/revisions\/470"}],"wp:attachment":[{"href":"https:\/\/chambresencorse.com\/en\/wp-json\/wp\/v2\/media?parent=7"}],"curies":[{"name":"wp","href":"https:\/\/api.w.org\/{rel}","templated":true}]}}